{"id":17,"date":"2019-11-21T14:35:01","date_gmt":"2019-11-21T14:35:01","guid":{"rendered":"https:\/\/servicios-publicos.com.ar\/2020\/?page_id=17"},"modified":"2019-11-22T00:03:45","modified_gmt":"2019-11-22T00:03:45","slug":"la-expo","status":"publish","type":"page","link":"https:\/\/servicios-publicos.com.ar\/2020\/la-expo\/","title":{"rendered":"La Expo"},"content":{"rendered":"\n[et_pb_section fb_built=\u00bb1&#8243; fullwidth=\u00bbon\u00bb _builder_version=\u00bb4.0.6&#8243; background_color=\u00bb#ee652b\u00bb use_background_color_gradient=\u00bbon\u00bb background_image=\u00bbhttps:\/\/servicios-publicos.com.ar\/2020\/wp-content\/uploads\/2019\/11\/feria2.jpg\u00bb custom_margin=\u00bb-42px|||||\u00bb custom_padding=\u00bb0px||200px|||\u00bb][\/et_pb_section][et_pb_section fb_built=\u00bb1&#8243; _builder_version=\u00bb4.0.6&#8243; custom_padding=\u00bb4px||4px|||\u00bb hover_enabled=\u00bb0&#8243; background_image=\u00bbhttps:\/\/servicios-publicos.com.ar\/2020\/wp-content\/uploads\/2019\/11\/FONDO1-01.jpg\u00bb][et_pb_row _builder_version=\u00bb4.0.6&#8243; custom_padding=\u00bb42px||0px|||\u00bb][et_pb_column type=\u00bb4_4&#8243; _builder_version=\u00bb4.0.6&#8243;][et_pb_text _builder_version=\u00bb4.0.6&#8243; text_font=\u00bb|600|||||||\u00bb text_text_color=\u00bb#ee652b\u00bb text_font_size=\u00bb35px\u00bb min_height=\u00bb38px\u00bb custom_padding=\u00bb0px||21px|||\u00bb animation_style=\u00bbfold\u00bb]<p>LA EXPO<\/p>[\/et_pb_text][\/et_pb_column][\/et_pb_row][et_pb_row disabled_on=\u00bboff|off|off\u00bb _builder_version=\u00bb4.0.6&#8243; custom_margin=\u00bb|auto|-3px|auto||\u00bb custom_padding=\u00bb27px||271px|||\u00bb hover_enabled=\u00bb0&#8243; background_enable_image=\u00bboff\u00bb][et_pb_column type=\u00bb4_4&#8243; _builder_version=\u00bb4.0.6&#8243;][et_pb_text _builder_version=\u00bb4.0.6&#8243; text_font=\u00bb|600|||||||\u00bb text_text_color=\u00bb#6b6b6b\u00bb text_font_size=\u00bb25px\u00bb text_line_height=\u00bb1.9em\u00bb width=\u00bb87%\u00bb max_width=\u00bb100%\u00bb module_alignment=\u00bbcenter\u00bb custom_margin=\u00bb|||0px|false|false\u00bb custom_padding=\u00bb0px|530px|24px|50px|false|false\u00bb hover_enabled=\u00bb0&#8243; animation_style=\u00bbslide\u00bb background_enable_color=\u00bboff\u00bb]<p>La expo muestra en cada edici\u00f3n la potencia del sector, tanto con productos desarrollados y fabricados en gran parte de la geograf\u00eda de Argentina, tambi\u00e9n muestra a aquellos productos desarrollados en otros pa\u00edses pero que son comercializados globalmente.<\/p>[\/et_pb_text][\/et_pb_column][\/et_pb_row][\/et_pb_section][et_pb_section fb_built=\u00bb1&#8243; fullwidth=\u00bbon\u00bb _builder_version=\u00bb4.0.6&#8243; hover_enabled=\u00bb0&#8243; background_image=\u00bbhttps:\/\/servicios-publicos.com.ar\/2020\/wp-content\/uploads\/2019\/11\/DSC_0669-1.jpg\u00bb parallax=\u00bbon\u00bb custom_padding=\u00bb118px||510px|||\u00bb][\/et_pb_section][et_pb_section fb_built=\u00bb1&#8243; _builder_version=\u00bb4.0.6&#8243; min_height=\u00bb414px\u00bb custom_padding=\u00bb60px||33px|||\u00bb][et_pb_row _builder_version=\u00bb4.0.6&#8243;][et_pb_column type=\u00bb4_4&#8243; _builder_version=\u00bb4.0.6&#8243;][et_pb_text _builder_version=\u00bb4.0.6&#8243; text_font=\u00bb|600|||||||\u00bb text_text_color=\u00bb#ee652b\u00bb text_font_size=\u00bb30px\u00bb custom_padding=\u00bb||19px|||\u00bb animation_style=\u00bbfold\u00bb]<p>Empresas que habitualmente nos acompa\u00f1an<\/p>[\/et_pb_text][\/et_pb_column][\/et_pb_row][et_pb_row column_structure=\u00bb1_6,1_6,1_6,1_6,1_6,1_6&#8243; _builder_version=\u00bb4.0.6&#8243; custom_padding=\u00bb30px|25px||22px||\u00bb box_shadow_style=\u00bbpreset1&#8243;][et_pb_column type=\u00bb1_6&#8243; _builder_version=\u00bb4.0.6&#8243;][et_pb_image src=\u00bbhttps:\/\/servicios-publicos.com.ar\/2020\/wp-content\/uploads\/2019\/11\/logo-ecosan.png\u00bb _builder_version=\u00bb4.0.6&#8243;][\/et_pb_image][et_pb_image src=\u00bbhttps:\/\/servicios-publicos.com.ar\/2020\/wp-content\/uploads\/2019\/11\/Logo-Trasus-Argentina-gris.png\u00bb _builder_version=\u00bb4.0.6&#8243;][\/et_pb_image][et_pb_image src=\u00bbhttps:\/\/servicios-publicos.com.ar\/2020\/wp-content\/uploads\/2019\/11\/logo-tanex-jpg.jpg\u00bb _builder_version=\u00bb4.0.6&#8243;][\/et_pb_image][et_pb_image src=\u00bbhttps:\/\/servicios-publicos.com.ar\/2020\/wp-content\/uploads\/2019\/11\/universidad_quilmes.jpg\u00bb _builder_version=\u00bb4.0.6&#8243;][\/et_pb_image][\/et_pb_column][et_pb_column type=\u00bb1_6&#8243; _builder_version=\u00bb4.0.6&#8243;][et_pb_image src=\u00bbhttps:\/\/servicios-publicos.com.ar\/2020\/wp-content\/uploads\/2019\/11\/logo-ucema.jpg\u00bb _builder_version=\u00bb4.0.6&#8243;][\/et_pb_image][et_pb_image src=\u00bbhttps:\/\/servicios-publicos.com.ar\/2020\/wp-content\/uploads\/2019\/11\/Logo-con-Lema.jpg\u00bb _builder_version=\u00bb4.0.6&#8243;][\/et_pb_image][et_pb_image src=\u00bbhttps:\/\/servicios-publicos.com.ar\/2020\/wp-content\/uploads\/2019\/11\/logo-ecosan.png\u00bb _builder_version=\u00bb4.0.6&#8243;][\/et_pb_image][et_pb_image src=\u00bbhttps:\/\/servicios-publicos.com.ar\/2020\/wp-content\/uploads\/2019\/11\/Logo-Trasus-Argentina-gris.png\u00bb _builder_version=\u00bb4.0.6&#8243;][\/et_pb_image][\/et_pb_column][et_pb_column type=\u00bb1_6&#8243; _builder_version=\u00bb4.0.6&#8243;][et_pb_image src=\u00bbhttps:\/\/servicios-publicos.com.ar\/2020\/wp-content\/uploads\/2019\/11\/logo-tanex-jpg.jpg\u00bb _builder_version=\u00bb4.0.6&#8243;][\/et_pb_image][et_pb_image src=\u00bbhttps:\/\/servicios-publicos.com.ar\/2020\/wp-content\/uploads\/2019\/11\/universidad_quilmes.jpg\u00bb _builder_version=\u00bb4.0.6&#8243;][\/et_pb_image][et_pb_image src=\u00bbhttps:\/\/servicios-publicos.com.ar\/2020\/wp-content\/uploads\/2019\/11\/Logo-Trasus-Argentina-gris.png\u00bb _builder_version=\u00bb4.0.6&#8243;][\/et_pb_image][et_pb_image src=\u00bbhttps:\/\/servicios-publicos.com.ar\/2020\/wp-content\/uploads\/2019\/11\/Logo-con-Lema.jpg\u00bb _builder_version=\u00bb4.0.6&#8243;][\/et_pb_image][\/et_pb_column][et_pb_column type=\u00bb1_6&#8243; _builder_version=\u00bb4.0.6&#8243;][et_pb_image src=\u00bbhttps:\/\/servicios-publicos.com.ar\/2020\/wp-content\/uploads\/2019\/11\/universidad_quilmes.jpg\u00bb _builder_version=\u00bb4.0.6&#8243;][\/et_pb_image][et_pb_image src=\u00bbhttps:\/\/servicios-publicos.com.ar\/2020\/wp-content\/uploads\/2019\/11\/logo-ecosan.png\u00bb _builder_version=\u00bb4.0.6&#8243;][\/et_pb_image][et_pb_image src=\u00bbhttps:\/\/servicios-publicos.com.ar\/2020\/wp-content\/uploads\/2019\/11\/logo-tanex-jpg.jpg\u00bb _builder_version=\u00bb4.0.6&#8243;][\/et_pb_image][et_pb_image src=\u00bbhttps:\/\/servicios-publicos.com.ar\/2020\/wp-content\/uploads\/2019\/11\/logo-ucema.jpg\u00bb _builder_version=\u00bb4.0.6&#8243;][\/et_pb_image][\/et_pb_column][et_pb_column type=\u00bb1_6&#8243; _builder_version=\u00bb4.0.6&#8243;][et_pb_image src=\u00bbhttps:\/\/servicios-publicos.com.ar\/2020\/wp-content\/uploads\/2019\/11\/Logo-Trasus-Argentina-gris.png\u00bb _builder_version=\u00bb4.0.6&#8243;][\/et_pb_image][et_pb_image src=\u00bbhttps:\/\/servicios-publicos.com.ar\/2020\/wp-content\/uploads\/2019\/11\/logo-ucema.jpg\u00bb _builder_version=\u00bb4.0.6&#8243;][\/et_pb_image][et_pb_image src=\u00bbhttps:\/\/servicios-publicos.com.ar\/2020\/wp-content\/uploads\/2019\/11\/Logo-con-Lema.jpg\u00bb _builder_version=\u00bb4.0.6&#8243;][\/et_pb_image][et_pb_image src=\u00bbhttps:\/\/servicios-publicos.com.ar\/2020\/wp-content\/uploads\/2019\/11\/universidad_quilmes.jpg\u00bb _builder_version=\u00bb4.0.6&#8243;][\/et_pb_image][\/et_pb_column][et_pb_column type=\u00bb1_6&#8243; _builder_version=\u00bb4.0.6&#8243;][et_pb_image src=\u00bbhttps:\/\/servicios-publicos.com.ar\/2020\/wp-content\/uploads\/2019\/11\/Logo-con-Lema.jpg\u00bb _builder_version=\u00bb4.0.6&#8243;][\/et_pb_image][et_pb_image src=\u00bbhttps:\/\/servicios-publicos.com.ar\/2020\/wp-content\/uploads\/2019\/11\/logo-tanex-jpg.jpg\u00bb _builder_version=\u00bb4.0.6&#8243;][\/et_pb_image][et_pb_image src=\u00bbhttps:\/\/servicios-publicos.com.ar\/2020\/wp-content\/uploads\/2019\/11\/logo-ecosan.png\u00bb _builder_version=\u00bb4.0.6&#8243;][\/et_pb_image][et_pb_image src=\u00bbhttps:\/\/servicios-publicos.com.ar\/2020\/wp-content\/uploads\/2019\/11\/logo-ucema.jpg\u00bb _builder_version=\u00bb4.0.6&#8243;][\/et_pb_image][\/et_pb_column][\/et_pb_row][\/et_pb_section][et_pb_section fb_built=\u00bb1&#8243; _builder_version=\u00bb4.0.6&#8243; custom_padding=\u00bb21px|||||\u00bb][et_pb_row _builder_version=\u00bb4.0.6&#8243; custom_padding=\u00bb11px|||||\u00bb][et_pb_column type=\u00bb4_4&#8243; _builder_version=\u00bb4.0.6&#8243;][et_pb_text _builder_version=\u00bb4.0.6&#8243; text_font=\u00bb|600|||||||\u00bb text_text_color=\u00bb#ee652b\u00bb text_font_size=\u00bb30px\u00bb animation_style=\u00bbfold\u00bb]<p>Planimetr\u00eda<\/p>[\/et_pb_text][\/et_pb_column][\/et_pb_row][et_pb_row _builder_version=\u00bb4.0.6&#8243; custom_padding=\u00bb0px|||||\u00bb][et_pb_column type=\u00bb4_4&#8243; _builder_version=\u00bb4.0.6&#8243;][et_pb_image src=\u00bbhttps:\/\/servicios-publicos.com.ar\/2020\/wp-content\/uploads\/2019\/11\/planimetria-01.jpg\u00bb _builder_version=\u00bb4.0.6&#8243; hover_enabled=\u00bb0&#8243;][\/et_pb_image][\/et_pb_column][\/et_pb_row][\/et_pb_section]\n","protected":false},"excerpt":{"rendered":"","protected":false},"author":2,"featured_media":0,"parent":0,"menu_order":0,"comment_status":"closed","ping_status":"closed","template":"","meta":{"_et_pb_use_builder":"on","_et_pb_old_content":"<!-- wp:divi\/placeholder \/-->","footnotes":""},"class_list":["post-17","page","type-page","status-publish","hentry"],"_links":{"self":[{"href":"https:\/\/servicios-publicos.com.ar\/2020\/wp-json\/wp\/v2\/pages\/17","targetHints":{"allow":["GET"]}}],"collection":[{"href":"https:\/\/servicios-publicos.com.ar\/2020\/wp-json\/wp\/v2\/pages"}],"about":[{"href":"https:\/\/servicios-publicos.com.ar\/2020\/wp-json\/wp\/v2\/types\/page"}],"author":[{"embeddable":true,"href":"https:\/\/servicios-publicos.com.ar\/2020\/wp-json\/wp\/v2\/users\/2"}],"replies":[{"embeddable":true,"href":"https:\/\/servicios-publicos.com.ar\/2020\/wp-json\/wp\/v2\/comments?post=17"}],"version-history":[{"count":26,"href":"https:\/\/servicios-publicos.com.ar\/2020\/wp-json\/wp\/v2\/pages\/17\/revisions"}],"predecessor-version":[{"id":183,"href":"https:\/\/servicios-publicos.com.ar\/2020\/wp-json\/wp\/v2\/pages\/17\/revisions\/183"}],"wp:attachment":[{"href":"https:\/\/servicios-publicos.com.ar\/2020\/wp-json\/wp\/v2\/media?parent=17"}],"curies":[{"name":"wp","href":"https:\/\/api.w.org\/{rel}","templated":true}]}}